{"id":2347,"date":"2020-04-01T16:00:02","date_gmt":"2020-04-01T14:00:02","guid":{"rendered":"http:\/\/villegiales.fr\/?page_id=2347"},"modified":"2026-04-22T16:39:05","modified_gmt":"2026-04-22T14:39:05","slug":"reventes","status":"publish","type":"page","link":"https:\/\/villegiales.fr\/index.php\/reventes\/","title":{"rendered":"Reventes"},"content":{"rendered":"\t\t<div data-elementor-type=\"wp-page\" data-elementor-id=\"2347\" class=\"elementor elementor-2347\" data-elementor-post-type=\"page\">\n\t\t\t\t\t\t<section class=\"elementor-section elementor-top-section elementor-element elementor-element-36a604ab elementor-hidden-phone elementor-section-height-min-height elementor-section-full_width elementor-section-stretched elementor-section-height-default elementor-section-items-middle\" data-id=\"36a604ab\" data-element_type=\"section\" data-e-type=\"section\" data-settings=\"{&quot;background_background&quot;:&quot;gradient&quot;,&quot;stretch_section&quot;:&quot;section-stretched&quot;}\">\n\t\t\t\t\t\t\t<div class=\"elementor-background-overlay\"><\/div>\n\t\t\t\t\t\t\t<div class=\"elementor-container elementor-column-gap-default\">\n\t\t\t\t\t<div class=\"elementor-column elementor-col-100 elementor-top-column elementor-element elementor-element-3992148b\" data-id=\"3992148b\" data-element_type=\"column\" data-e-type=\"column\">\n\t\t\t<div class=\"elementor-widget-wrap elementor-element-populated\">\n\t\t\t\t\t\t<div class=\"elementor-element elementor-element-63c2bc47 elementor-widget elementor-widget-heading\" data-id=\"63c2bc47\" data-element_type=\"widget\" data-e-type=\"widget\" data-widget_type=\"heading.default\">\n\t\t\t\t<div class=\"elementor-widget-container\">\n\t\t\t\t\t<h1 class=\"elementor-heading-title elementor-size-default\"><br><b>Nos reventes<\/b><\/h1>\t\t\t\t<\/div>\n\t\t\t\t<\/div>\n\t\t\t\t\t<\/div>\n\t\t<\/div>\n\t\t\t\t\t<\/div>\n\t\t<\/section>\n\t\t\t\t<section class=\"elementor-section elementor-top-section elementor-element elementor-element-2108becf elementor-section-boxed elementor-section-height-default elementor-section-height-default\" data-id=\"2108becf\" data-element_type=\"section\" data-e-type=\"section\">\n\t\t\t\t\t\t<div class=\"elementor-container elementor-column-gap-default\">\n\t\t\t\t\t<div class=\"elementor-column elementor-col-100 elementor-top-column elementor-element elementor-element-60ffa8fa\" data-id=\"60ffa8fa\" data-element_type=\"column\" data-e-type=\"column\">\n\t\t\t<div class=\"elementor-widget-wrap elementor-element-populated\">\n\t\t\t\t\t\t<div class=\"elementor-element elementor-element-5bf1ebe6 elementor-widget elementor-widget-spacer\" data-id=\"5bf1ebe6\" data-element_type=\"widget\" data-e-type=\"widget\" data-widget_type=\"spacer.default\">\n\t\t\t\t<div class=\"elementor-widget-container\">\n\t\t\t\t\t\t\t<div class=\"elementor-spacer\">\n\t\t\t<div class=\"elementor-spacer-inner\"><\/div>\n\t\t<\/div>\n\t\t\t\t\t\t<\/div>\n\t\t\t\t<\/div>\n\t\t\t\t<div class=\"elementor-element elementor-element-56baa21 elementor-widget elementor-widget-text-editor\" data-id=\"56baa21\" data-element_type=\"widget\" data-e-type=\"widget\" data-widget_type=\"text-editor.default\">\n\t\t\t\t<div class=\"elementor-widget-container\">\n\t\t\t\t\t\t\t\t\t<p>Connaissant la valeur et la p\u00e9rennit\u00e9 de nos constructions, nous participons \u00e0 la revente d\u2019appartements\u00a0Vill\u00e9giales plusieurs ann\u00e9es apr\u00e8s la livraison.<\/p>\t\t\t\t\t\t\t\t<\/div>\n\t\t\t\t<\/div>\n\t\t\t\t<div class=\"elementor-element elementor-element-6aa70bff elementor-widget elementor-widget-heading\" data-id=\"6aa70bff\" data-element_type=\"widget\" data-e-type=\"widget\" data-widget_type=\"heading.default\">\n\t\t\t\t<div class=\"elementor-widget-container\">\n\t\t\t\t\t<h2 class=\"elementor-heading-title elementor-size-default\">N\u00eemes<\/h2>\t\t\t\t<\/div>\n\t\t\t\t<\/div>\n\t\t\t\t<div class=\"elementor-element elementor-element-3390e6a6 elementor-widget-divider--view-line elementor-widget elementor-widget-divider\" data-id=\"3390e6a6\" data-element_type=\"widget\" data-e-type=\"widget\" data-widget_type=\"divider.default\">\n\t\t\t\t<div class=\"elementor-widget-container\">\n\t\t\t\t\t\t\t<div class=\"elementor-divider\">\n\t\t\t<span class=\"elementor-divider-separator\">\n\t\t\t\t\t\t<\/span>\n\t\t<\/div>\n\t\t\t\t\t\t<\/div>\n\t\t\t\t<\/div>\n\t\t\t\t\t<\/div>\n\t\t<\/div>\n\t\t\t\t\t<\/div>\n\t\t<\/section>\n\t\t\t\t<section class=\"elementor-section elementor-top-section elementor-element elementor-element-97818b6 elementor-section-boxed elementor-section-height-default elementor-section-height-default\" data-id=\"97818b6\" data-element_type=\"section\" data-e-type=\"section\">\n\t\t\t\t\t\t<div class=\"elementor-container elementor-column-gap-default\">\n\t\t\t\t\t<div class=\"elementor-column elementor-col-50 elementor-top-column elementor-element elementor-element-494827f\" data-id=\"494827f\" data-element_type=\"column\" data-e-type=\"column\">\n\t\t\t<div class=\"elementor-widget-wrap elementor-element-populated\">\n\t\t\t\t\t\t<div class=\"elementor-element elementor-element-ac6862e elementor-widget elementor-widget-image\" data-id=\"ac6862e\" data-element_type=\"widget\" data-e-type=\"widget\" data-widget_type=\"image.default\">\n\t\t\t\t<div class=\"elementor-widget-container\">\n\t\t\t\t\t\t\t\t\t\t\t\t\t\t\t\t<a href=\"https:\/\/villegiales.fr\/index.php\/revente-nimes-villegiales-de-vacquerolles-p2-parking\/\">\n\t\t\t\t\t\t\t<img fetchpriority=\"high\" decoding=\"async\" width=\"1024\" height=\"683\" src=\"https:\/\/villegiales.fr\/wp-content\/uploads\/2020\/04\/vacquerolles1-1024x683.jpg\" class=\"elementor-animation-grow attachment-large size-large wp-image-2893\" alt=\"\" srcset=\"https:\/\/villegiales.fr\/wp-content\/uploads\/2020\/04\/vacquerolles1-1024x683.jpg 1024w, https:\/\/villegiales.fr\/wp-content\/uploads\/2020\/04\/vacquerolles1-300x200.jpg 300w, https:\/\/villegiales.fr\/wp-content\/uploads\/2020\/04\/vacquerolles1-768x512.jpg 768w, https:\/\/villegiales.fr\/wp-content\/uploads\/2020\/04\/vacquerolles1-1536x1024.jpg 1536w, https:\/\/villegiales.fr\/wp-content\/uploads\/2020\/04\/vacquerolles1-2048x1365.jpg 2048w\" sizes=\"(max-width: 1024px) 100vw, 1024px\" \/>\t\t\t\t\t\t\t\t<\/a>\n\t\t\t\t\t\t\t\t\t\t\t\t\t\t\t<\/div>\n\t\t\t\t<\/div>\n\t\t\t\t\t<\/div>\n\t\t<\/div>\n\t\t\t\t<div class=\"elementor-column elementor-col-50 elementor-top-column elementor-element elementor-element-7877bd3\" data-id=\"7877bd3\" data-element_type=\"column\" data-e-type=\"column\">\n\t\t\t<div class=\"elementor-widget-wrap elementor-element-populated\">\n\t\t\t\t\t\t<div class=\"elementor-element elementor-element-ed271a7 elementor-widget elementor-widget-heading\" data-id=\"ed271a7\" data-element_type=\"widget\" data-e-type=\"widget\" data-widget_type=\"heading.default\">\n\t\t\t\t<div class=\"elementor-widget-container\">\n\t\t\t\t\t<h2 class=\"elementor-heading-title elementor-size-default\"><a href=\"https:\/\/villegiales.fr\/index.php\/revente-nimes-villegiales-de-vacquerolles-p2-parking\/\">Les Villegiales de Vacquerolles - N\u00eemes<\/a><\/h2>\t\t\t\t<\/div>\n\t\t\t\t<\/div>\n\t\t\t\t<div class=\"elementor-element elementor-element-30245d4 elementor-widget elementor-widget-heading\" data-id=\"30245d4\" data-element_type=\"widget\" data-e-type=\"widget\" data-widget_type=\"heading.default\">\n\t\t\t\t<div class=\"elementor-widget-container\">\n\t\t\t\t\t<h2 class=\"elementor-heading-title elementor-size-default\">N\u00eemes - Appartement P2  + Parking<\/h2>\t\t\t\t<\/div>\n\t\t\t\t<\/div>\n\t\t\t\t<div class=\"elementor-element elementor-element-e538107 elementor-widget elementor-widget-text-editor\" data-id=\"e538107\" data-element_type=\"widget\" data-e-type=\"widget\" data-widget_type=\"text-editor.default\">\n\t\t\t\t<div class=\"elementor-widget-container\">\n\t\t\t\t\t\t\t\t\t<p>\u00a0 Appartement de 45 m\u00b2 de surface habitable + 14 m\u00b2 de terrasse<\/p>\t\t\t\t\t\t\t\t<\/div>\n\t\t\t\t<\/div>\n\t\t\t\t<div class=\"elementor-element elementor-element-069dcfa elementor-widget elementor-widget-text-editor\" data-id=\"069dcfa\" data-element_type=\"widget\" data-e-type=\"widget\" data-widget_type=\"text-editor.default\">\n\t\t\t\t<div class=\"elementor-widget-container\">\n\t\t\t\t\t\t\t\t\t<p>\u00a0 R\u00e9sidence s\u00e9curis\u00e9e en premi\u00e8re ligne sur Le Golf de Vacquerolles.\u00a0<\/p>\t\t\t\t\t\t\t\t<\/div>\n\t\t\t\t<\/div>\n\t\t\t\t<div class=\"elementor-element elementor-element-6cb4471 elementor-widget elementor-widget-text-editor\" data-id=\"6cb4471\" data-element_type=\"widget\" data-e-type=\"widget\" data-widget_type=\"text-editor.default\">\n\t\t\t\t<div class=\"elementor-widget-container\">\n\t\t\t\t\t\t\t\t\t<p>\u00a0 122 000 \u20ac<\/p>\t\t\t\t\t\t\t\t<\/div>\n\t\t\t\t<\/div>\n\t\t\t\t<div class=\"elementor-element elementor-element-75dac04 elementor-hidden-desktop elementor-hidden-tablet elementor-widget-divider--view-line elementor-widget elementor-widget-divider\" data-id=\"75dac04\" data-element_type=\"widget\" data-e-type=\"widget\" data-widget_type=\"divider.default\">\n\t\t\t\t<div class=\"elementor-widget-container\">\n\t\t\t\t\t\t\t<div class=\"elementor-divider\">\n\t\t\t<span class=\"elementor-divider-separator\">\n\t\t\t\t\t\t<\/span>\n\t\t<\/div>\n\t\t\t\t\t\t<\/div>\n\t\t\t\t<\/div>\n\t\t\t\t\t<\/div>\n\t\t<\/div>\n\t\t\t\t\t<\/div>\n\t\t<\/section>\n\t\t\t\t<section class=\"elementor-section elementor-top-section elementor-element elementor-element-a5ee34c elementor-section-boxed elementor-section-height-default elementor-section-height-default\" data-id=\"a5ee34c\" data-element_type=\"section\" data-e-type=\"section\">\n\t\t\t\t\t\t<div class=\"elementor-container elementor-column-gap-default\">\n\t\t\t\t\t<div class=\"elementor-column elementor-col-50 elementor-top-column elementor-element elementor-element-f749bf6\" data-id=\"f749bf6\" data-element_type=\"column\" data-e-type=\"column\">\n\t\t\t<div class=\"elementor-widget-wrap elementor-element-populated\">\n\t\t\t\t\t\t<div class=\"elementor-element elementor-element-812e5f9 elementor-widget elementor-widget-image\" data-id=\"812e5f9\" data-element_type=\"widget\" data-e-type=\"widget\" data-widget_type=\"image.default\">\n\t\t\t\t<div class=\"elementor-widget-container\">\n\t\t\t\t\t\t\t\t\t\t\t\t\t\t\t\t<a href=\"https:\/\/villegiales.fr\/index.php\/revente-les-villegiales-feucheres-p2-garage-nimes-\/\">\n\t\t\t\t\t\t\t<img decoding=\"async\" width=\"1024\" height=\"682\" src=\"https:\/\/villegiales.fr\/wp-content\/uploads\/2022\/12\/mail_feucheres-1024x682.jpg\" class=\"elementor-animation-grow attachment-large size-large wp-image-7076\" alt=\"\" srcset=\"https:\/\/villegiales.fr\/wp-content\/uploads\/2022\/12\/mail_feucheres-1024x682.jpg 1024w, https:\/\/villegiales.fr\/wp-content\/uploads\/2022\/12\/mail_feucheres-300x200.jpg 300w, https:\/\/villegiales.fr\/wp-content\/uploads\/2022\/12\/mail_feucheres-768x512.jpg 768w, https:\/\/villegiales.fr\/wp-content\/uploads\/2022\/12\/mail_feucheres-1536x1024.jpg 1536w, https:\/\/villegiales.fr\/wp-content\/uploads\/2022\/12\/mail_feucheres.jpg 2000w\" sizes=\"(max-width: 1024px) 100vw, 1024px\" \/>\t\t\t\t\t\t\t\t<\/a>\n\t\t\t\t\t\t\t\t\t\t\t\t\t\t\t<\/div>\n\t\t\t\t<\/div>\n\t\t\t\t\t<\/div>\n\t\t<\/div>\n\t\t\t\t<div class=\"elementor-column elementor-col-50 elementor-top-column elementor-element elementor-element-d984fb5\" data-id=\"d984fb5\" data-element_type=\"column\" data-e-type=\"column\">\n\t\t\t<div class=\"elementor-widget-wrap elementor-element-populated\">\n\t\t\t\t\t\t<div class=\"elementor-element elementor-element-7ebcb25 elementor-widget elementor-widget-heading\" data-id=\"7ebcb25\" data-element_type=\"widget\" data-e-type=\"widget\" data-widget_type=\"heading.default\">\n\t\t\t\t<div class=\"elementor-widget-container\">\n\t\t\t\t\t<h2 class=\"elementor-heading-title elementor-size-default\"><a href=\"https:\/\/villegiales.fr\/index.php\/revente-les-villegiales-feucheres-p2-garage-nimes-\/\">Les Villegiales Feuch\u00e8res - N\u00eemes<\/a><\/h2>\t\t\t\t<\/div>\n\t\t\t\t<\/div>\n\t\t\t\t<div class=\"elementor-element elementor-element-772f786 elementor-widget elementor-widget-heading\" data-id=\"772f786\" data-element_type=\"widget\" data-e-type=\"widget\" data-widget_type=\"heading.default\">\n\t\t\t\t<div class=\"elementor-widget-container\">\n\t\t\t\t\t<h2 class=\"elementor-heading-title elementor-size-default\">N\u00eemes - Appartement P2  + Garage<\/h2>\t\t\t\t<\/div>\n\t\t\t\t<\/div>\n\t\t\t\t<div class=\"elementor-element elementor-element-57f6314 elementor-widget elementor-widget-text-editor\" data-id=\"57f6314\" data-element_type=\"widget\" data-e-type=\"widget\" data-widget_type=\"text-editor.default\">\n\t\t\t\t<div class=\"elementor-widget-container\">\n\t\t\t\t\t\t\t\t\t<p>\u00a0 Appartement de 48 m\u00b2 de surface habitable + 10 m\u00b2 de terrasse<\/p>\t\t\t\t\t\t\t\t<\/div>\n\t\t\t\t<\/div>\n\t\t\t\t<div class=\"elementor-element elementor-element-6e5880e elementor-widget elementor-widget-text-editor\" data-id=\"6e5880e\" data-element_type=\"widget\" data-e-type=\"widget\" data-widget_type=\"text-editor.default\">\n\t\t\t\t<div class=\"elementor-widget-container\">\n\t\t\t\t\t\t\t\t\t<p>\u00a0 R\u00e9sidence s\u00e9curis\u00e9e proche de toutes les commodit\u00e9s.<\/p>\t\t\t\t\t\t\t\t<\/div>\n\t\t\t\t<\/div>\n\t\t\t\t<div class=\"elementor-element elementor-element-636c5ea elementor-widget elementor-widget-text-editor\" data-id=\"636c5ea\" data-element_type=\"widget\" data-e-type=\"widget\" data-widget_type=\"text-editor.default\">\n\t\t\t\t<div class=\"elementor-widget-container\">\n\t\t\t\t\t\t\t\t\t<p>\u00a0 153 500 \u20ac<\/p>\t\t\t\t\t\t\t\t<\/div>\n\t\t\t\t<\/div>\n\t\t\t\t<div class=\"elementor-element elementor-element-907a7f2 elementor-hidden-desktop elementor-hidden-tablet elementor-widget-divider--view-line elementor-widget elementor-widget-divider\" data-id=\"907a7f2\" data-element_type=\"widget\" data-e-type=\"widget\" data-widget_type=\"divider.default\">\n\t\t\t\t<div class=\"elementor-widget-container\">\n\t\t\t\t\t\t\t<div class=\"elementor-divider\">\n\t\t\t<span class=\"elementor-divider-separator\">\n\t\t\t\t\t\t<\/span>\n\t\t<\/div>\n\t\t\t\t\t\t<\/div>\n\t\t\t\t<\/div>\n\t\t\t\t\t<\/div>\n\t\t<\/div>\n\t\t\t\t\t<\/div>\n\t\t<\/section>\n\t\t\t\t<section class=\"elementor-section elementor-top-section elementor-element elementor-element-63b936e elementor-section-boxed elementor-section-height-default elementor-section-height-default\" data-id=\"63b936e\" data-element_type=\"section\" data-e-type=\"section\">\n\t\t\t\t\t\t<div class=\"elementor-container elementor-column-gap-default\">\n\t\t\t\t\t<div class=\"elementor-column elementor-col-50 elementor-top-column elementor-element elementor-element-3934391\" data-id=\"3934391\" data-element_type=\"column\" data-e-type=\"column\">\n\t\t\t<div class=\"elementor-widget-wrap elementor-element-populated\">\n\t\t\t\t\t\t<div class=\"elementor-element elementor-element-32cd22d elementor-widget elementor-widget-image\" data-id=\"32cd22d\" data-element_type=\"widget\" data-e-type=\"widget\" data-widget_type=\"image.default\">\n\t\t\t\t<div class=\"elementor-widget-container\">\n\t\t\t\t\t\t\t\t\t\t\t\t\t\t\t\t<a href=\"https:\/\/villegiales.fr\/index.php\/revente-feucheres-p2garage-nimes\/\">\n\t\t\t\t\t\t\t<img decoding=\"async\" width=\"819\" height=\"906\" src=\"https:\/\/villegiales.fr\/wp-content\/uploads\/2023\/01\/facade_av-e1694679737129.jpg\" class=\"elementor-animation-grow attachment-full size-full wp-image-7210\" alt=\"\" srcset=\"https:\/\/villegiales.fr\/wp-content\/uploads\/2023\/01\/facade_av-e1694679737129.jpg 819w, https:\/\/villegiales.fr\/wp-content\/uploads\/2023\/01\/facade_av-e1694679737129-271x300.jpg 271w, https:\/\/villegiales.fr\/wp-content\/uploads\/2023\/01\/facade_av-e1694679737129-768x850.jpg 768w\" sizes=\"(max-width: 819px) 100vw, 819px\" \/>\t\t\t\t\t\t\t\t<\/a>\n\t\t\t\t\t\t\t\t\t\t\t\t\t\t\t<\/div>\n\t\t\t\t<\/div>\n\t\t\t\t\t<\/div>\n\t\t<\/div>\n\t\t\t\t<div class=\"elementor-column elementor-col-50 elementor-top-column elementor-element elementor-element-acb4314\" data-id=\"acb4314\" data-element_type=\"column\" data-e-type=\"column\">\n\t\t\t<div class=\"elementor-widget-wrap elementor-element-populated\">\n\t\t\t\t\t\t<div class=\"elementor-element elementor-element-723c57d elementor-widget elementor-widget-heading\" data-id=\"723c57d\" data-element_type=\"widget\" data-e-type=\"widget\" data-widget_type=\"heading.default\">\n\t\t\t\t<div class=\"elementor-widget-container\">\n\t\t\t\t\t<h2 class=\"elementor-heading-title elementor-size-default\"><a href=\"https:\/\/villegiales.fr\/index.php\/revente-feucheres-p2garage-nimes\/\">Les Villegiales Feuch\u00e8res - N\u00eemes<\/a><\/h2>\t\t\t\t<\/div>\n\t\t\t\t<\/div>\n\t\t\t\t<div class=\"elementor-element elementor-element-829214b elementor-widget elementor-widget-heading\" data-id=\"829214b\" data-element_type=\"widget\" data-e-type=\"widget\" data-widget_type=\"heading.default\">\n\t\t\t\t<div class=\"elementor-widget-container\">\n\t\t\t\t\t<h2 class=\"elementor-heading-title elementor-size-default\">N\u00eemes - Appartement P2  + Garage<\/h2>\t\t\t\t<\/div>\n\t\t\t\t<\/div>\n\t\t\t\t<div class=\"elementor-element elementor-element-c394ea6 elementor-widget elementor-widget-text-editor\" data-id=\"c394ea6\" data-element_type=\"widget\" data-e-type=\"widget\" data-widget_type=\"text-editor.default\">\n\t\t\t\t<div class=\"elementor-widget-container\">\n\t\t\t\t\t\t\t\t\t<p>\u00a0 Appartement de 52.25 m\u00b2 de surface habitable + 5 m\u00b2 de terrasse<\/p>\t\t\t\t\t\t\t\t<\/div>\n\t\t\t\t<\/div>\n\t\t\t\t<div class=\"elementor-element elementor-element-6b18545 elementor-widget elementor-widget-text-editor\" data-id=\"6b18545\" data-element_type=\"widget\" data-e-type=\"widget\" data-widget_type=\"text-editor.default\">\n\t\t\t\t<div class=\"elementor-widget-container\">\n\t\t\t\t\t\t\t\t\t<p>\u00a0 R\u00e9sidence s\u00e9curis\u00e9e proche de toutes les commodit\u00e9s.<\/p>\t\t\t\t\t\t\t\t<\/div>\n\t\t\t\t<\/div>\n\t\t\t\t<div class=\"elementor-element elementor-element-a182601 elementor-widget elementor-widget-text-editor\" data-id=\"a182601\" data-element_type=\"widget\" data-e-type=\"widget\" data-widget_type=\"text-editor.default\">\n\t\t\t\t<div class=\"elementor-widget-container\">\n\t\t\t\t\t\t\t\t\t<p>\u00a0 163 000 \u20ac<\/p>\t\t\t\t\t\t\t\t<\/div>\n\t\t\t\t<\/div>\n\t\t\t\t<div class=\"elementor-element elementor-element-2fd31da elementor-hidden-desktop elementor-hidden-tablet elementor-widget-divider--view-line elementor-widget elementor-widget-divider\" data-id=\"2fd31da\" data-element_type=\"widget\" data-e-type=\"widget\" data-widget_type=\"divider.default\">\n\t\t\t\t<div class=\"elementor-widget-container\">\n\t\t\t\t\t\t\t<div class=\"elementor-divider\">\n\t\t\t<span class=\"elementor-divider-separator\">\n\t\t\t\t\t\t<\/span>\n\t\t<\/div>\n\t\t\t\t\t\t<\/div>\n\t\t\t\t<\/div>\n\t\t\t\t\t<\/div>\n\t\t<\/div>\n\t\t\t\t\t<\/div>\n\t\t<\/section>\n\t\t\t\t<section class=\"elementor-section elementor-top-section elementor-element elementor-element-01cf33d elementor-section-boxed elementor-section-height-default elementor-section-height-default\" data-id=\"01cf33d\" data-element_type=\"section\" data-e-type=\"section\">\n\t\t\t\t\t\t<div class=\"elementor-container elementor-column-gap-default\">\n\t\t\t\t\t<div class=\"elementor-column elementor-col-50 elementor-top-column elementor-element elementor-element-c5a9a58\" data-id=\"c5a9a58\" data-element_type=\"column\" data-e-type=\"column\">\n\t\t\t<div class=\"elementor-widget-wrap elementor-element-populated\">\n\t\t\t\t\t\t<div class=\"elementor-element elementor-element-7bd9d17 elementor-widget elementor-widget-image\" data-id=\"7bd9d17\" data-element_type=\"widget\" data-e-type=\"widget\" data-widget_type=\"image.default\">\n\t\t\t\t<div class=\"elementor-widget-container\">\n\t\t\t\t\t\t\t\t\t\t\t\t\t\t\t\t<a href=\"https:\/\/villegiales.fr\/index.php\/nimes-feucheres-appartement-p3-garage-revente\/\">\n\t\t\t\t\t\t\t<img loading=\"lazy\" decoding=\"async\" width=\"640\" height=\"480\" src=\"https:\/\/villegiales.fr\/wp-content\/uploads\/2025\/06\/VUE-JARDIN.jpg\" class=\"elementor-animation-grow attachment-large size-large wp-image-10746\" alt=\"\" srcset=\"https:\/\/villegiales.fr\/wp-content\/uploads\/2025\/06\/VUE-JARDIN.jpg 640w, https:\/\/villegiales.fr\/wp-content\/uploads\/2025\/06\/VUE-JARDIN-300x225.jpg 300w\" sizes=\"(max-width: 640px) 100vw, 640px\" \/>\t\t\t\t\t\t\t\t<\/a>\n\t\t\t\t\t\t\t\t\t\t\t\t\t\t\t<\/div>\n\t\t\t\t<\/div>\n\t\t\t\t\t<\/div>\n\t\t<\/div>\n\t\t\t\t<div class=\"elementor-column elementor-col-50 elementor-top-column elementor-element elementor-element-5b1137c\" data-id=\"5b1137c\" data-element_type=\"column\" data-e-type=\"column\">\n\t\t\t<div class=\"elementor-widget-wrap elementor-element-populated\">\n\t\t\t\t\t\t<div class=\"elementor-element elementor-element-442598c elementor-widget elementor-widget-heading\" data-id=\"442598c\" data-element_type=\"widget\" data-e-type=\"widget\" data-widget_type=\"heading.default\">\n\t\t\t\t<div class=\"elementor-widget-container\">\n\t\t\t\t\t<h2 class=\"elementor-heading-title elementor-size-default\"><a href=\"https:\/\/villegiales.fr\/index.php\/nimes-feucheres-appartement-p3-garage-revente\/\">Les Villegiales Feuch\u00e8res - N\u00eemes<\/a><\/h2>\t\t\t\t<\/div>\n\t\t\t\t<\/div>\n\t\t\t\t<div class=\"elementor-element elementor-element-d418039 elementor-widget elementor-widget-heading\" data-id=\"d418039\" data-element_type=\"widget\" data-e-type=\"widget\" data-widget_type=\"heading.default\">\n\t\t\t\t<div class=\"elementor-widget-container\">\n\t\t\t\t\t<h2 class=\"elementor-heading-title elementor-size-default\">N\u00eemes - Appartement P3 + Garage - climatis\u00e9<\/h2>\t\t\t\t<\/div>\n\t\t\t\t<\/div>\n\t\t\t\t<div class=\"elementor-element elementor-element-168ac30 elementor-widget elementor-widget-text-editor\" data-id=\"168ac30\" data-element_type=\"widget\" data-e-type=\"widget\" data-widget_type=\"text-editor.default\">\n\t\t\t\t<div class=\"elementor-widget-container\">\n\t\t\t\t\t\t\t\t\t<p>Appartement de 76 m\u00b2 de surface habitable + 10 m\u00b2 de terrasse<\/p>\t\t\t\t\t\t\t\t<\/div>\n\t\t\t\t<\/div>\n\t\t\t\t<div class=\"elementor-element elementor-element-528c3f2 elementor-widget elementor-widget-text-editor\" data-id=\"528c3f2\" data-element_type=\"widget\" data-e-type=\"widget\" data-widget_type=\"text-editor.default\">\n\t\t\t\t<div class=\"elementor-widget-container\">\n\t\t\t\t\t\t\t\t\t<p>R\u00e9sidence s\u00e9curis\u00e9e, \u00e0 proximit\u00e9 imm\u00e9diate du centre ville et du futur Parc Jacques Chirac<\/p>\t\t\t\t\t\t\t\t<\/div>\n\t\t\t\t<\/div>\n\t\t\t\t<div class=\"elementor-element elementor-element-bfd659f elementor-widget elementor-widget-text-editor\" data-id=\"bfd659f\" data-element_type=\"widget\" data-e-type=\"widget\" data-widget_type=\"text-editor.default\">\n\t\t\t\t<div class=\"elementor-widget-container\">\n\t\t\t\t\t\t\t\t\t<p>235 000 \u20ac<\/p>\t\t\t\t\t\t\t\t<\/div>\n\t\t\t\t<\/div>\n\t\t\t\t<div class=\"elementor-element elementor-element-04cf373 elementor-hidden-desktop elementor-hidden-tablet elementor-widget-divider--view-line elementor-widget elementor-widget-divider\" data-id=\"04cf373\" data-element_type=\"widget\" data-e-type=\"widget\" data-widget_type=\"divider.default\">\n\t\t\t\t<div class=\"elementor-widget-container\">\n\t\t\t\t\t\t\t<div class=\"elementor-divider\">\n\t\t\t<span class=\"elementor-divider-separator\">\n\t\t\t\t\t\t<\/span>\n\t\t<\/div>\n\t\t\t\t\t\t<\/div>\n\t\t\t\t<\/div>\n\t\t\t\t\t<\/div>\n\t\t<\/div>\n\t\t\t\t\t<\/div>\n\t\t<\/section>\n\t\t\t\t<section class=\"elementor-section elementor-top-section elementor-element elementor-element-4662f97 elementor-section-boxed elementor-section-height-default elementor-section-height-default\" data-id=\"4662f97\" data-element_type=\"section\" data-e-type=\"section\">\n\t\t\t\t\t\t<div class=\"elementor-container elementor-column-gap-default\">\n\t\t\t\t\t<div class=\"elementor-column elementor-col-50 elementor-top-column elementor-element elementor-element-78f714e\" data-id=\"78f714e\" data-element_type=\"column\" data-e-type=\"column\">\n\t\t\t<div class=\"elementor-widget-wrap elementor-element-populated\">\n\t\t\t\t\t\t<div class=\"elementor-element elementor-element-de0046a elementor-widget elementor-widget-image\" data-id=\"de0046a\" data-element_type=\"widget\" data-e-type=\"widget\" data-widget_type=\"image.default\">\n\t\t\t\t<div class=\"elementor-widget-container\">\n\t\t\t\t\t\t\t\t\t\t\t\t\t\t\t\t<a href=\"https:\/\/villegiales.fr\/index.php\/nimes-feucheres-appartement-p3-garage-revente-2\/\">\n\t\t\t\t\t\t\t<img loading=\"lazy\" decoding=\"async\" width=\"1024\" height=\"768\" src=\"https:\/\/villegiales.fr\/wp-content\/uploads\/2026\/04\/D35F-terrasse-IA--1024x768.png\" class=\"elementor-animation-grow attachment-large size-large wp-image-14123\" alt=\"\" srcset=\"https:\/\/villegiales.fr\/wp-content\/uploads\/2026\/04\/D35F-terrasse-IA--1024x768.png 1024w, https:\/\/villegiales.fr\/wp-content\/uploads\/2026\/04\/D35F-terrasse-IA--300x225.png 300w, https:\/\/villegiales.fr\/wp-content\/uploads\/2026\/04\/D35F-terrasse-IA--768x576.png 768w, https:\/\/villegiales.fr\/wp-content\/uploads\/2026\/04\/D35F-terrasse-IA-.png 1448w\" sizes=\"(max-width: 1024px) 100vw, 1024px\" \/>\t\t\t\t\t\t\t\t<\/a>\n\t\t\t\t\t\t\t\t\t\t\t\t\t\t\t<\/div>\n\t\t\t\t<\/div>\n\t\t\t\t\t<\/div>\n\t\t<\/div>\n\t\t\t\t<div class=\"elementor-column elementor-col-50 elementor-top-column elementor-element elementor-element-15333e9\" data-id=\"15333e9\" data-element_type=\"column\" data-e-type=\"column\">\n\t\t\t<div class=\"elementor-widget-wrap elementor-element-populated\">\n\t\t\t\t\t\t<div class=\"elementor-element elementor-element-7ed3d28 elementor-widget elementor-widget-heading\" data-id=\"7ed3d28\" data-element_type=\"widget\" data-e-type=\"widget\" data-widget_type=\"heading.default\">\n\t\t\t\t<div class=\"elementor-widget-container\">\n\t\t\t\t\t<h2 class=\"elementor-heading-title elementor-size-default\"><a href=\"https:\/\/villegiales.fr\/index.php\/nimes-feucheres-appartement-p3-garage-revente-2\/\">Les Villegiales Feuch\u00e8res - N\u00eemes<\/a><\/h2>\t\t\t\t<\/div>\n\t\t\t\t<\/div>\n\t\t\t\t<div class=\"elementor-element elementor-element-0f11aaa elementor-widget elementor-widget-heading\" data-id=\"0f11aaa\" data-element_type=\"widget\" data-e-type=\"widget\" data-widget_type=\"heading.default\">\n\t\t\t\t<div class=\"elementor-widget-container\">\n\t\t\t\t\t<h2 class=\"elementor-heading-title elementor-size-default\">N\u00eemes - Appartement P3 + Garage - climatis\u00e9<\/h2>\t\t\t\t<\/div>\n\t\t\t\t<\/div>\n\t\t\t\t<div class=\"elementor-element elementor-element-c8cc9b4 elementor-widget elementor-widget-text-editor\" data-id=\"c8cc9b4\" data-element_type=\"widget\" data-e-type=\"widget\" data-widget_type=\"text-editor.default\">\n\t\t\t\t<div class=\"elementor-widget-container\">\n\t\t\t\t\t\t\t\t\t<p>Appartement de 76 m\u00b2 de surface habitable + 10 m\u00b2 de terrasse<\/p>\t\t\t\t\t\t\t\t<\/div>\n\t\t\t\t<\/div>\n\t\t\t\t<div class=\"elementor-element elementor-element-b947b80 elementor-widget elementor-widget-text-editor\" data-id=\"b947b80\" data-element_type=\"widget\" data-e-type=\"widget\" data-widget_type=\"text-editor.default\">\n\t\t\t\t<div class=\"elementor-widget-container\">\n\t\t\t\t\t\t\t\t\t<p>R\u00e9sidence s\u00e9curis\u00e9e, \u00e0 proximit\u00e9 imm\u00e9diate du centre ville et du futur Parc Jacques Chirac<\/p>\t\t\t\t\t\t\t\t<\/div>\n\t\t\t\t<\/div>\n\t\t\t\t<div class=\"elementor-element elementor-element-1f7fd6e elementor-widget elementor-widget-text-editor\" data-id=\"1f7fd6e\" data-element_type=\"widget\" data-e-type=\"widget\" data-widget_type=\"text-editor.default\">\n\t\t\t\t<div class=\"elementor-widget-container\">\n\t\t\t\t\t\t\t\t\t<p>250 000 \u20ac<\/p>\t\t\t\t\t\t\t\t<\/div>\n\t\t\t\t<\/div>\n\t\t\t\t<div class=\"elementor-element elementor-element-f883956 elementor-hidden-desktop elementor-hidden-tablet elementor-widget-divider--view-line elementor-widget elementor-widget-divider\" data-id=\"f883956\" data-element_type=\"widget\" data-e-type=\"widget\" data-widget_type=\"divider.default\">\n\t\t\t\t<div class=\"elementor-widget-container\">\n\t\t\t\t\t\t\t<div class=\"elementor-divider\">\n\t\t\t<span class=\"elementor-divider-separator\">\n\t\t\t\t\t\t<\/span>\n\t\t<\/div>\n\t\t\t\t\t\t<\/div>\n\t\t\t\t<\/div>\n\t\t\t\t\t<\/div>\n\t\t<\/div>\n\t\t\t\t\t<\/div>\n\t\t<\/section>\n\t\t\t\t<section class=\"elementor-section elementor-top-section elementor-element elementor-element-36b82ce elementor-section-boxed elementor-section-height-default elementor-section-height-default\" data-id=\"36b82ce\" data-element_type=\"section\" data-e-type=\"section\">\n\t\t\t\t\t\t<div class=\"elementor-container elementor-column-gap-default\">\n\t\t\t\t\t<div class=\"elementor-column elementor-col-50 elementor-top-column elementor-element elementor-element-113dd31\" data-id=\"113dd31\" data-element_type=\"column\" data-e-type=\"column\">\n\t\t\t<div class=\"elementor-widget-wrap elementor-element-populated\">\n\t\t\t\t\t\t<div class=\"elementor-element elementor-element-cc13105 elementor-widget elementor-widget-image\" data-id=\"cc13105\" data-element_type=\"widget\" data-e-type=\"widget\" data-widget_type=\"image.default\">\n\t\t\t\t<div class=\"elementor-widget-container\">\n\t\t\t\t\t\t\t\t\t\t\t\t\t\t\t\t<a href=\"https:\/\/villegiales.fr\/index.php\/revente-villegiales-de-julia-nimes-p3-garage\/\">\n\t\t\t\t\t\t\t<img loading=\"lazy\" decoding=\"async\" width=\"1024\" height=\"682\" src=\"https:\/\/villegiales.fr\/wp-content\/uploads\/2020\/04\/julia1-1024x682.jpg\" class=\"elementor-animation-grow attachment-large size-large wp-image-2901\" alt=\"\" srcset=\"https:\/\/villegiales.fr\/wp-content\/uploads\/2020\/04\/julia1-1024x682.jpg 1024w, https:\/\/villegiales.fr\/wp-content\/uploads\/2020\/04\/julia1-300x200.jpg 300w, https:\/\/villegiales.fr\/wp-content\/uploads\/2020\/04\/julia1-768x512.jpg 768w, https:\/\/villegiales.fr\/wp-content\/uploads\/2020\/04\/julia1-1536x1024.jpg 1536w, https:\/\/villegiales.fr\/wp-content\/uploads\/2020\/04\/julia1.jpg 2000w\" sizes=\"(max-width: 1024px) 100vw, 1024px\" \/>\t\t\t\t\t\t\t\t<\/a>\n\t\t\t\t\t\t\t\t\t\t\t\t\t\t\t<\/div>\n\t\t\t\t<\/div>\n\t\t\t\t\t<\/div>\n\t\t<\/div>\n\t\t\t\t<div class=\"elementor-column elementor-col-50 elementor-top-column elementor-element elementor-element-dbb1a5b\" data-id=\"dbb1a5b\" data-element_type=\"column\" data-e-type=\"column\">\n\t\t\t<div class=\"elementor-widget-wrap elementor-element-populated\">\n\t\t\t\t\t\t<div class=\"elementor-element elementor-element-011b039 elementor-widget elementor-widget-heading\" data-id=\"011b039\" data-element_type=\"widget\" data-e-type=\"widget\" data-widget_type=\"heading.default\">\n\t\t\t\t<div class=\"elementor-widget-container\">\n\t\t\t\t\t<h2 class=\"elementor-heading-title elementor-size-default\"><a href=\"https:\/\/villegiales.fr\/index.php\/revente-villegiales-de-julia-nimes-p3-garage\/\">Les Villegiales de Julia - N\u00eemes<\/a><\/h2>\t\t\t\t<\/div>\n\t\t\t\t<\/div>\n\t\t\t\t<div class=\"elementor-element elementor-element-db7c548 elementor-widget elementor-widget-heading\" data-id=\"db7c548\" data-element_type=\"widget\" data-e-type=\"widget\" data-widget_type=\"heading.default\">\n\t\t\t\t<div class=\"elementor-widget-container\">\n\t\t\t\t\t<h2 class=\"elementor-heading-title elementor-size-default\">N\u00eemes - Appartement P3 + Garage - climatis\u00e9<\/h2>\t\t\t\t<\/div>\n\t\t\t\t<\/div>\n\t\t\t\t<div class=\"elementor-element elementor-element-3ff3d0c elementor-widget elementor-widget-text-editor\" data-id=\"3ff3d0c\" data-element_type=\"widget\" data-e-type=\"widget\" data-widget_type=\"text-editor.default\">\n\t\t\t\t<div class=\"elementor-widget-container\">\n\t\t\t\t\t\t\t\t\t<p>Appartement de 75 m\u00b2 de surface habitable + 10 m\u00b2 de terrasse<\/p>\t\t\t\t\t\t\t\t<\/div>\n\t\t\t\t<\/div>\n\t\t\t\t<div class=\"elementor-element elementor-element-98d3849 elementor-widget elementor-widget-text-editor\" data-id=\"98d3849\" data-element_type=\"widget\" data-e-type=\"widget\" data-widget_type=\"text-editor.default\">\n\t\t\t\t<div class=\"elementor-widget-container\">\n\t\t\t\t\t\t\t\t\t<p>R\u00e9sidence s\u00e9curis\u00e9e, \u00e0 proximit\u00e9 imm\u00e9diate du centre ville et de toutes les commodit\u00e9s.\u00a0<\/p>\t\t\t\t\t\t\t\t<\/div>\n\t\t\t\t<\/div>\n\t\t\t\t<div class=\"elementor-element elementor-element-a1bbe08 elementor-widget elementor-widget-text-editor\" data-id=\"a1bbe08\" data-element_type=\"widget\" data-e-type=\"widget\" data-widget_type=\"text-editor.default\">\n\t\t\t\t<div class=\"elementor-widget-container\">\n\t\t\t\t\t\t\t\t\t<p>255 000 \u20ac<\/p>\t\t\t\t\t\t\t\t<\/div>\n\t\t\t\t<\/div>\n\t\t\t\t<div class=\"elementor-element elementor-element-f2c81a3 elementor-hidden-desktop elementor-hidden-tablet elementor-widget-divider--view-line elementor-widget elementor-widget-divider\" data-id=\"f2c81a3\" data-element_type=\"widget\" data-e-type=\"widget\" data-widget_type=\"divider.default\">\n\t\t\t\t<div class=\"elementor-widget-container\">\n\t\t\t\t\t\t\t<div class=\"elementor-divider\">\n\t\t\t<span class=\"elementor-divider-separator\">\n\t\t\t\t\t\t<\/span>\n\t\t<\/div>\n\t\t\t\t\t\t<\/div>\n\t\t\t\t<\/div>\n\t\t\t\t\t<\/div>\n\t\t<\/div>\n\t\t\t\t\t<\/div>\n\t\t<\/section>\n\t\t\t\t<section class=\"elementor-section elementor-top-section elementor-element elementor-element-d000c95 elementor-section-boxed elementor-section-height-default elementor-section-height-default\" data-id=\"d000c95\" data-element_type=\"section\" data-e-type=\"section\">\n\t\t\t\t\t\t<div class=\"elementor-container elementor-column-gap-default\">\n\t\t\t\t\t<div class=\"elementor-column elementor-col-50 elementor-top-column elementor-element elementor-element-9939c8c\" data-id=\"9939c8c\" data-element_type=\"column\" data-e-type=\"column\">\n\t\t\t<div class=\"elementor-widget-wrap elementor-element-populated\">\n\t\t\t\t\t\t<div class=\"elementor-element elementor-element-ca7b710 elementor-widget elementor-widget-image\" data-id=\"ca7b710\" data-element_type=\"widget\" data-e-type=\"widget\" data-widget_type=\"image.default\">\n\t\t\t\t<div class=\"elementor-widget-container\">\n\t\t\t\t\t\t\t\t\t\t\t\t\t\t\t\t<a href=\"https:\/\/villegiales.fr\/index.php\/revente-nimes-villegiales-hoche-universite-p3-garage\/\">\n\t\t\t\t\t\t\t<img loading=\"lazy\" decoding=\"async\" width=\"1024\" height=\"768\" src=\"https:\/\/villegiales.fr\/wp-content\/uploads\/2025\/12\/b501-hoche-terrasse-3-1024x768.jpg\" class=\"elementor-animation-grow attachment-large size-large wp-image-11510\" alt=\"\" srcset=\"https:\/\/villegiales.fr\/wp-content\/uploads\/2025\/12\/b501-hoche-terrasse-3-1024x768.jpg 1024w, https:\/\/villegiales.fr\/wp-content\/uploads\/2025\/12\/b501-hoche-terrasse-3-300x225.jpg 300w, https:\/\/villegiales.fr\/wp-content\/uploads\/2025\/12\/b501-hoche-terrasse-3-768x576.jpg 768w, https:\/\/villegiales.fr\/wp-content\/uploads\/2025\/12\/b501-hoche-terrasse-3-1536x1152.jpg 1536w, https:\/\/villegiales.fr\/wp-content\/uploads\/2025\/12\/b501-hoche-terrasse-3-2048x1536.jpg 2048w\" sizes=\"(max-width: 1024px) 100vw, 1024px\" \/>\t\t\t\t\t\t\t\t<\/a>\n\t\t\t\t\t\t\t\t\t\t\t\t\t\t\t<\/div>\n\t\t\t\t<\/div>\n\t\t\t\t\t<\/div>\n\t\t<\/div>\n\t\t\t\t<div class=\"elementor-column elementor-col-50 elementor-top-column elementor-element elementor-element-264dc77\" data-id=\"264dc77\" data-element_type=\"column\" data-e-type=\"column\">\n\t\t\t<div class=\"elementor-widget-wrap elementor-element-populated\">\n\t\t\t\t\t\t<div class=\"elementor-element elementor-element-89e09c8 elementor-widget elementor-widget-heading\" data-id=\"89e09c8\" data-element_type=\"widget\" data-e-type=\"widget\" data-widget_type=\"heading.default\">\n\t\t\t\t<div class=\"elementor-widget-container\">\n\t\t\t\t\t<h2 class=\"elementor-heading-title elementor-size-default\"><a href=\"https:\/\/villegiales.fr\/index.php\/revente-nimes-villegiales-hoche-universite-p3-garage\/\">Les Villegiales Hoche Universit\u00e9 - N\u00eemes<\/a><\/h2>\t\t\t\t<\/div>\n\t\t\t\t<\/div>\n\t\t\t\t<div class=\"elementor-element elementor-element-2c906f0 elementor-widget elementor-widget-heading\" data-id=\"2c906f0\" data-element_type=\"widget\" data-e-type=\"widget\" data-widget_type=\"heading.default\">\n\t\t\t\t<div class=\"elementor-widget-container\">\n\t\t\t\t\t<h2 class=\"elementor-heading-title elementor-size-default\">N\u00eemes - Appartement P3 + Garage - climatis\u00e9<\/h2>\t\t\t\t<\/div>\n\t\t\t\t<\/div>\n\t\t\t\t<div class=\"elementor-element elementor-element-6f92f79 elementor-widget elementor-widget-text-editor\" data-id=\"6f92f79\" data-element_type=\"widget\" data-e-type=\"widget\" data-widget_type=\"text-editor.default\">\n\t\t\t\t<div class=\"elementor-widget-container\">\n\t\t\t\t\t\t\t\t\t<p>Appartement de 67 m\u00b2 de surface habitable + 29 m\u00b2 de terrasses<\/p>\t\t\t\t\t\t\t\t<\/div>\n\t\t\t\t<\/div>\n\t\t\t\t<div class=\"elementor-element elementor-element-4b2fd01 elementor-widget elementor-widget-text-editor\" data-id=\"4b2fd01\" data-element_type=\"widget\" data-e-type=\"widget\" data-widget_type=\"text-editor.default\">\n\t\t\t\t<div class=\"elementor-widget-container\">\n\t\t\t\t\t\t\t\t\t<p>R\u00e9sidence s\u00e9curis\u00e9e, Eco quartier Hoche &#8211; proche Universit\u00e9 et centre ville.<\/p>\t\t\t\t\t\t\t\t<\/div>\n\t\t\t\t<\/div>\n\t\t\t\t<div class=\"elementor-element elementor-element-21ac420 elementor-widget elementor-widget-text-editor\" data-id=\"21ac420\" data-element_type=\"widget\" data-e-type=\"widget\" data-widget_type=\"text-editor.default\">\n\t\t\t\t<div class=\"elementor-widget-container\">\n\t\t\t\t\t\t\t\t\t<p>260 000 \u20ac<\/p>\t\t\t\t\t\t\t\t<\/div>\n\t\t\t\t<\/div>\n\t\t\t\t<div class=\"elementor-element elementor-element-0061f93 elementor-hidden-desktop elementor-hidden-tablet elementor-widget-divider--view-line elementor-widget elementor-widget-divider\" data-id=\"0061f93\" data-element_type=\"widget\" data-e-type=\"widget\" data-widget_type=\"divider.default\">\n\t\t\t\t<div class=\"elementor-widget-container\">\n\t\t\t\t\t\t\t<div class=\"elementor-divider\">\n\t\t\t<span class=\"elementor-divider-separator\">\n\t\t\t\t\t\t<\/span>\n\t\t<\/div>\n\t\t\t\t\t\t<\/div>\n\t\t\t\t<\/div>\n\t\t\t\t\t<\/div>\n\t\t<\/div>\n\t\t\t\t\t<\/div>\n\t\t<\/section>\n\t\t\t\t<section class=\"elementor-section elementor-top-section elementor-element elementor-element-8bb87f1 elementor-section-boxed elementor-section-height-default elementor-section-height-default\" data-id=\"8bb87f1\" data-element_type=\"section\" data-e-type=\"section\">\n\t\t\t\t\t\t<div class=\"elementor-container elementor-column-gap-default\">\n\t\t\t\t\t<div class=\"elementor-column elementor-col-50 elementor-top-column elementor-element elementor-element-9ea9159\" data-id=\"9ea9159\" data-element_type=\"column\" data-e-type=\"column\">\n\t\t\t<div class=\"elementor-widget-wrap elementor-element-populated\">\n\t\t\t\t\t\t<div class=\"elementor-element elementor-element-9c6e9ef elementor-widget elementor-widget-image\" data-id=\"9c6e9ef\" data-element_type=\"widget\" data-e-type=\"widget\" data-widget_type=\"image.default\">\n\t\t\t\t<div class=\"elementor-widget-container\">\n\t\t\t\t\t\t\t\t\t\t\t\t\t\t\t\t<a href=\"https:\/\/villegiales.fr\/index.php\/revente-nimes-villegiales-hoche-universite-p3-parking\/\">\n\t\t\t\t\t\t\t<img loading=\"lazy\" decoding=\"async\" width=\"1024\" height=\"768\" src=\"https:\/\/villegiales.fr\/wp-content\/uploads\/2026\/02\/IMG_3167-1024x768.jpg\" class=\"elementor-animation-grow attachment-large size-large wp-image-12084\" alt=\"\" srcset=\"https:\/\/villegiales.fr\/wp-content\/uploads\/2026\/02\/IMG_3167-1024x768.jpg 1024w, https:\/\/villegiales.fr\/wp-content\/uploads\/2026\/02\/IMG_3167-300x225.jpg 300w, https:\/\/villegiales.fr\/wp-content\/uploads\/2026\/02\/IMG_3167-768x576.jpg 768w, https:\/\/villegiales.fr\/wp-content\/uploads\/2026\/02\/IMG_3167-1536x1152.jpg 1536w, https:\/\/villegiales.fr\/wp-content\/uploads\/2026\/02\/IMG_3167-2048x1536.jpg 2048w\" sizes=\"(max-width: 1024px) 100vw, 1024px\" \/>\t\t\t\t\t\t\t\t<\/a>\n\t\t\t\t\t\t\t\t\t\t\t\t\t\t\t<\/div>\n\t\t\t\t<\/div>\n\t\t\t\t\t<\/div>\n\t\t<\/div>\n\t\t\t\t<div class=\"elementor-column elementor-col-50 elementor-top-column elementor-element elementor-element-d027b56\" data-id=\"d027b56\" data-element_type=\"column\" data-e-type=\"column\">\n\t\t\t<div class=\"elementor-widget-wrap elementor-element-populated\">\n\t\t\t\t\t\t<div class=\"elementor-element elementor-element-77bcb27 elementor-widget elementor-widget-heading\" data-id=\"77bcb27\" data-element_type=\"widget\" data-e-type=\"widget\" data-widget_type=\"heading.default\">\n\t\t\t\t<div class=\"elementor-widget-container\">\n\t\t\t\t\t<h2 class=\"elementor-heading-title elementor-size-default\"><a href=\"https:\/\/villegiales.fr\/index.php\/revente-nimes-villegiales-hoche-universite-p3-parking\/\">Les Villegiales Hoche Universit\u00e9 - N\u00eemes<\/a><\/h2>\t\t\t\t<\/div>\n\t\t\t\t<\/div>\n\t\t\t\t<div class=\"elementor-element elementor-element-3233650 elementor-widget elementor-widget-heading\" data-id=\"3233650\" data-element_type=\"widget\" data-e-type=\"widget\" data-widget_type=\"heading.default\">\n\t\t\t\t<div class=\"elementor-widget-container\">\n\t\t\t\t\t<h2 class=\"elementor-heading-title elementor-size-default\">N\u00eemes - Appartement P3 + Place de Parking - climatis\u00e9<\/h2>\t\t\t\t<\/div>\n\t\t\t\t<\/div>\n\t\t\t\t<div class=\"elementor-element elementor-element-a5c886a elementor-widget elementor-widget-text-editor\" data-id=\"a5c886a\" data-element_type=\"widget\" data-e-type=\"widget\" data-widget_type=\"text-editor.default\">\n\t\t\t\t<div class=\"elementor-widget-container\">\n\t\t\t\t\t\t\t\t\t<p>Appartement de 76\u00a0 m\u00b2 de surface habitable + 27 m\u00b2 de terrasse<\/p>\t\t\t\t\t\t\t\t<\/div>\n\t\t\t\t<\/div>\n\t\t\t\t<div class=\"elementor-element elementor-element-776ce7e elementor-widget elementor-widget-text-editor\" data-id=\"776ce7e\" data-element_type=\"widget\" data-e-type=\"widget\" data-widget_type=\"text-editor.default\">\n\t\t\t\t<div class=\"elementor-widget-container\">\n\t\t\t\t\t\t\t\t\t<p>R\u00e9sidence s\u00e9curis\u00e9e, Eco quartier Hoche &#8211; proche Universit\u00e9 et centre ville.<\/p>\t\t\t\t\t\t\t\t<\/div>\n\t\t\t\t<\/div>\n\t\t\t\t<div class=\"elementor-element elementor-element-831dced elementor-widget elementor-widget-text-editor\" data-id=\"831dced\" data-element_type=\"widget\" data-e-type=\"widget\" data-widget_type=\"text-editor.default\">\n\t\t\t\t<div class=\"elementor-widget-container\">\n\t\t\t\t\t\t\t\t\t<p>326 000 \u20ac<\/p>\t\t\t\t\t\t\t\t<\/div>\n\t\t\t\t<\/div>\n\t\t\t\t<div class=\"elementor-element elementor-element-3398afe elementor-hidden-desktop elementor-hidden-tablet elementor-widget-divider--view-line elementor-widget elementor-widget-divider\" data-id=\"3398afe\" data-element_type=\"widget\" data-e-type=\"widget\" data-widget_type=\"divider.default\">\n\t\t\t\t<div class=\"elementor-widget-container\">\n\t\t\t\t\t\t\t<div class=\"elementor-divider\">\n\t\t\t<span class=\"elementor-divider-separator\">\n\t\t\t\t\t\t<\/span>\n\t\t<\/div>\n\t\t\t\t\t\t<\/div>\n\t\t\t\t<\/div>\n\t\t\t\t\t<\/div>\n\t\t<\/div>\n\t\t\t\t\t<\/div>\n\t\t<\/section>\n\t\t\t\t<section class=\"elementor-section elementor-top-section elementor-element elementor-element-9dca28b elementor-section-boxed elementor-section-height-default elementor-section-height-default\" data-id=\"9dca28b\" data-element_type=\"section\" data-e-type=\"section\">\n\t\t\t\t\t\t<div class=\"elementor-container elementor-column-gap-default\">\n\t\t\t\t\t<div class=\"elementor-column elementor-col-50 elementor-top-column elementor-element elementor-element-ed6c3c2\" data-id=\"ed6c3c2\" data-element_type=\"column\" data-e-type=\"column\">\n\t\t\t<div class=\"elementor-widget-wrap elementor-element-populated\">\n\t\t\t\t\t\t<div class=\"elementor-element elementor-element-02f1634 elementor-widget elementor-widget-image\" data-id=\"02f1634\" data-element_type=\"widget\" data-e-type=\"widget\" data-widget_type=\"image.default\">\n\t\t\t\t<div class=\"elementor-widget-container\">\n\t\t\t\t\t\t\t\t\t\t\t\t\t\t\t\t<a href=\"https:\/\/villegiales.fr\/index.php\/revente-les-villegiales-de-la-tour-magne-p4-garages\/\">\n\t\t\t\t\t\t\t<img loading=\"lazy\" decoding=\"async\" width=\"320\" height=\"253\" src=\"https:\/\/villegiales.fr\/wp-content\/uploads\/2026\/02\/photo-mn-lab-1-1.jpg\" class=\"elementor-animation-grow attachment-large size-large wp-image-12036\" alt=\"\" srcset=\"https:\/\/villegiales.fr\/wp-content\/uploads\/2026\/02\/photo-mn-lab-1-1.jpg 320w, https:\/\/villegiales.fr\/wp-content\/uploads\/2026\/02\/photo-mn-lab-1-1-300x237.jpg 300w\" sizes=\"(max-width: 320px) 100vw, 320px\" \/>\t\t\t\t\t\t\t\t<\/a>\n\t\t\t\t\t\t\t\t\t\t\t\t\t\t\t<\/div>\n\t\t\t\t<\/div>\n\t\t\t\t\t<\/div>\n\t\t<\/div>\n\t\t\t\t<div class=\"elementor-column elementor-col-50 elementor-top-column elementor-element elementor-element-91664af\" data-id=\"91664af\" data-element_type=\"column\" data-e-type=\"column\">\n\t\t\t<div class=\"elementor-widget-wrap elementor-element-populated\">\n\t\t\t\t\t\t<div class=\"elementor-element elementor-element-cf33a68 elementor-widget elementor-widget-heading\" data-id=\"cf33a68\" data-element_type=\"widget\" data-e-type=\"widget\" data-widget_type=\"heading.default\">\n\t\t\t\t<div class=\"elementor-widget-container\">\n\t\t\t\t\t<h2 class=\"elementor-heading-title elementor-size-default\"><a href=\"https:\/\/villegiales.fr\/index.php\/revente-les-villegiales-de-la-tour-magne-p4-garages\/\">Les Vill\u00e9giales de la Tour Magne - N\u00eemes<\/a><\/h2>\t\t\t\t<\/div>\n\t\t\t\t<\/div>\n\t\t\t\t<div class=\"elementor-element elementor-element-df47fe3 elementor-widget elementor-widget-heading\" data-id=\"df47fe3\" data-element_type=\"widget\" data-e-type=\"widget\" data-widget_type=\"heading.default\">\n\t\t\t\t<div class=\"elementor-widget-container\">\n\t\t\t\t\t<h2 class=\"elementor-heading-title elementor-size-default\">N\u00eemes - Appartement P4 + 2 Garages - climatis\u00e9<\/h2>\t\t\t\t<\/div>\n\t\t\t\t<\/div>\n\t\t\t\t<div class=\"elementor-element elementor-element-652ff2d elementor-widget elementor-widget-text-editor\" data-id=\"652ff2d\" data-element_type=\"widget\" data-e-type=\"widget\" data-widget_type=\"text-editor.default\">\n\t\t\t\t<div class=\"elementor-widget-container\">\n\t\t\t\t\t\t\t\t\t<p>Appartement de 96 m\u00b2 de surface habitable + 20 m\u00b2 de terrasse\u00a0<\/p>\t\t\t\t\t\t\t\t<\/div>\n\t\t\t\t<\/div>\n\t\t\t\t<div class=\"elementor-element elementor-element-4a85c08 elementor-widget elementor-widget-text-editor\" data-id=\"4a85c08\" data-element_type=\"widget\" data-e-type=\"widget\" data-widget_type=\"text-editor.default\">\n\t\t\t\t<div class=\"elementor-widget-container\">\n\t\t\t\t\t\t\t\t\t<p>Environnement exceptionnel, un v\u00e9ritable jardin en ville, une adresse rare !<\/p>\t\t\t\t\t\t\t\t<\/div>\n\t\t\t\t<\/div>\n\t\t\t\t<div class=\"elementor-element elementor-element-cbfccc4 elementor-widget elementor-widget-text-editor\" data-id=\"cbfccc4\" data-element_type=\"widget\" data-e-type=\"widget\" data-widget_type=\"text-editor.default\">\n\t\t\t\t<div class=\"elementor-widget-container\">\n\t\t\t\t\t\t\t\t\t<p>575 000 \u20ac<\/p>\t\t\t\t\t\t\t\t<\/div>\n\t\t\t\t<\/div>\n\t\t\t\t\t<\/div>\n\t\t<\/div>\n\t\t\t\t\t<\/div>\n\t\t<\/section>\n\t\t\t\t<section class=\"elementor-section elementor-top-section elementor-element elementor-element-386e6b8 elementor-section-boxed elementor-section-height-default elementor-section-height-default\" data-id=\"386e6b8\" data-element_type=\"section\" data-e-type=\"section\">\n\t\t\t\t\t\t<div class=\"elementor-container elementor-column-gap-default\">\n\t\t\t\t\t<div class=\"elementor-column elementor-col-100 elementor-top-column elementor-element elementor-element-243ff22\" data-id=\"243ff22\" data-element_type=\"column\" data-e-type=\"column\">\n\t\t\t<div class=\"elementor-widget-wrap elementor-element-populated\">\n\t\t\t\t\t\t<div class=\"elementor-element elementor-element-71eaeed elementor-widget elementor-widget-spacer\" data-id=\"71eaeed\" data-element_type=\"widget\" data-e-type=\"widget\" data-widget_type=\"spacer.default\">\n\t\t\t\t<div class=\"elementor-widget-container\">\n\t\t\t\t\t\t\t<div class=\"elementor-spacer\">\n\t\t\t<div class=\"elementor-spacer-inner\"><\/div>\n\t\t<\/div>\n\t\t\t\t\t\t<\/div>\n\t\t\t\t<\/div>\n\t\t\t\t<div class=\"elementor-element elementor-element-0a70fa0 elementor-widget elementor-widget-heading\" data-id=\"0a70fa0\" data-element_type=\"widget\" data-e-type=\"widget\" data-widget_type=\"heading.default\">\n\t\t\t\t<div class=\"elementor-widget-container\">\n\t\t\t\t\t<h2 class=\"elementor-heading-title elementor-size-default\">Marguerittes<\/h2>\t\t\t\t<\/div>\n\t\t\t\t<\/div>\n\t\t\t\t<div class=\"elementor-element elementor-element-6ab6443 elementor-widget-divider--view-line elementor-widget elementor-widget-divider\" data-id=\"6ab6443\" data-element_type=\"widget\" data-e-type=\"widget\" data-widget_type=\"divider.default\">\n\t\t\t\t<div class=\"elementor-widget-container\">\n\t\t\t\t\t\t\t<div class=\"elementor-divider\">\n\t\t\t<span class=\"elementor-divider-separator\">\n\t\t\t\t\t\t<\/span>\n\t\t<\/div>\n\t\t\t\t\t\t<\/div>\n\t\t\t\t<\/div>\n\t\t\t\t\t<\/div>\n\t\t<\/div>\n\t\t\t\t\t<\/div>\n\t\t<\/section>\n\t\t\t\t<section class=\"elementor-section elementor-top-section elementor-element elementor-element-92d9611 elementor-section-boxed elementor-section-height-default elementor-section-height-default\" data-id=\"92d9611\" data-element_type=\"section\" data-e-type=\"section\">\n\t\t\t\t\t\t<div class=\"elementor-container elementor-column-gap-default\">\n\t\t\t\t\t<div class=\"elementor-column elementor-col-50 elementor-top-column elementor-element elementor-element-200f602\" data-id=\"200f602\" data-element_type=\"column\" data-e-type=\"column\">\n\t\t\t<div class=\"elementor-widget-wrap elementor-element-populated\">\n\t\t\t\t\t\t<div class=\"elementor-element elementor-element-39823b1 elementor-widget__width-initial elementor-widget elementor-widget-image\" data-id=\"39823b1\" data-element_type=\"widget\" data-e-type=\"widget\" data-widget_type=\"image.default\">\n\t\t\t\t<div class=\"elementor-widget-container\">\n\t\t\t\t\t\t\t\t\t\t\t\t\t\t\t\t<a href=\"https:\/\/villegiales.fr\/index.php\/revente-maison-p4-marguerittes\/\">\n\t\t\t\t\t\t\t<img loading=\"lazy\" decoding=\"async\" width=\"640\" height=\"480\" src=\"https:\/\/villegiales.fr\/wp-content\/uploads\/2024\/07\/002.jpg\" class=\"elementor-animation-grow attachment-large size-large wp-image-9060\" alt=\"\" srcset=\"https:\/\/villegiales.fr\/wp-content\/uploads\/2024\/07\/002.jpg 640w, https:\/\/villegiales.fr\/wp-content\/uploads\/2024\/07\/002-300x225.jpg 300w\" sizes=\"(max-width: 640px) 100vw, 640px\" \/>\t\t\t\t\t\t\t\t<\/a>\n\t\t\t\t\t\t\t\t\t\t\t\t\t\t\t<\/div>\n\t\t\t\t<\/div>\n\t\t\t\t\t<\/div>\n\t\t<\/div>\n\t\t\t\t<div class=\"elementor-column elementor-col-50 elementor-top-column elementor-element elementor-element-9667471\" data-id=\"9667471\" data-element_type=\"column\" data-e-type=\"column\">\n\t\t\t<div class=\"elementor-widget-wrap elementor-element-populated\">\n\t\t\t\t\t\t<div class=\"elementor-element elementor-element-2cc8c70 elementor-widget elementor-widget-heading\" data-id=\"2cc8c70\" data-element_type=\"widget\" data-e-type=\"widget\" data-widget_type=\"heading.default\">\n\t\t\t\t<div class=\"elementor-widget-container\">\n\t\t\t\t\t<h2 class=\"elementor-heading-title elementor-size-default\"><a href=\"https:\/\/villegiales.fr\/index.php\/revente-maison-p4-marguerittes\/\">Les Villegiales du Forum - Marguerittes<\/a><\/h2>\t\t\t\t<\/div>\n\t\t\t\t<\/div>\n\t\t\t\t<div class=\"elementor-element elementor-element-d9c2e8c elementor-widget elementor-widget-heading\" data-id=\"d9c2e8c\" data-element_type=\"widget\" data-e-type=\"widget\" data-widget_type=\"heading.default\">\n\t\t\t\t<div class=\"elementor-widget-container\">\n\t\t\t\t\t<h2 class=\"elementor-heading-title elementor-size-default\">Marguerittes - Maison P4 + Jardin<\/h2>\t\t\t\t<\/div>\n\t\t\t\t<\/div>\n\t\t\t\t<div class=\"elementor-element elementor-element-162d0dc elementor-widget elementor-widget-text-editor\" data-id=\"162d0dc\" data-element_type=\"widget\" data-e-type=\"widget\" data-widget_type=\"text-editor.default\">\n\t\t\t\t<div class=\"elementor-widget-container\">\n\t\t\t\t\t\t\t\t\t<p>\u00a0 Maison mitoyenne\u00a0 de 97m\u00b2 de surface habitable + jardin<\/p>\t\t\t\t\t\t\t\t<\/div>\n\t\t\t\t<\/div>\n\t\t\t\t<div class=\"elementor-element elementor-element-aa3632c elementor-widget elementor-widget-text-editor\" data-id=\"aa3632c\" data-element_type=\"widget\" data-e-type=\"widget\" data-widget_type=\"text-editor.default\">\n\t\t\t\t<div class=\"elementor-widget-container\">\n\t\t\t\t\t\t\t\t\t<p>Emplacement Id\u00e9al\u00a0: les Vill\u00e9giales du Forum \u00e0 Marguerittes, dans le centre, proche de toutes les commodit\u00e9s (coll\u00e8ge, \u00e9coles, commerces, transports).<\/p>\t\t\t\t\t\t\t\t<\/div>\n\t\t\t\t<\/div>\n\t\t\t\t<div class=\"elementor-element elementor-element-1ba5454 elementor-widget elementor-widget-text-editor\" data-id=\"1ba5454\" data-element_type=\"widget\" data-e-type=\"widget\" data-widget_type=\"text-editor.default\">\n\t\t\t\t<div class=\"elementor-widget-container\">\n\t\t\t\t\t\t\t\t\t<p>\u00a0 255 000 \u20ac<\/p>\t\t\t\t\t\t\t\t<\/div>\n\t\t\t\t<\/div>\n\t\t\t\t<div class=\"elementor-element elementor-element-985b057 elementor-hidden-desktop elementor-hidden-tablet elementor-widget-divider--view-line elementor-widget elementor-widget-divider\" data-id=\"985b057\" data-element_type=\"widget\" data-e-type=\"widget\" data-widget_type=\"divider.default\">\n\t\t\t\t<div class=\"elementor-widget-container\">\n\t\t\t\t\t\t\t<div class=\"elementor-divider\">\n\t\t\t<span class=\"elementor-divider-separator\">\n\t\t\t\t\t\t<\/span>\n\t\t<\/div>\n\t\t\t\t\t\t<\/div>\n\t\t\t\t<\/div>\n\t\t\t\t\t<\/div>\n\t\t<\/div>\n\t\t\t\t\t<\/div>\n\t\t<\/section>\n\t\t\t\t<section class=\"elementor-section elementor-top-section elementor-element elementor-element-8ee590c elementor-section-boxed elementor-section-height-default elementor-section-height-default\" data-id=\"8ee590c\" data-element_type=\"section\" data-e-type=\"section\">\n\t\t\t\t\t\t<div class=\"elementor-container elementor-column-gap-default\">\n\t\t\t\t\t<div class=\"elementor-column elementor-col-50 elementor-top-column elementor-element elementor-element-a7a6ac8\" data-id=\"a7a6ac8\" data-element_type=\"column\" data-e-type=\"column\">\n\t\t\t<div class=\"elementor-widget-wrap elementor-element-populated\">\n\t\t\t\t\t\t<div class=\"elementor-element elementor-element-6d58a48 elementor-widget__width-initial elementor-widget elementor-widget-image\" data-id=\"6d58a48\" data-element_type=\"widget\" data-e-type=\"widget\" data-widget_type=\"image.default\">\n\t\t\t\t<div class=\"elementor-widget-container\">\n\t\t\t\t\t\t\t\t\t\t\t\t\t\t\t\t<a href=\"https:\/\/villegiales.fr\/index.php\/revente-maison-p5-forum-marguerittes\/\">\n\t\t\t\t\t\t\t<img loading=\"lazy\" decoding=\"async\" width=\"1024\" height=\"768\" src=\"https:\/\/villegiales.fr\/wp-content\/uploads\/2025\/12\/IMG_2949-1024x768.jpg\" class=\"elementor-animation-grow attachment-large size-large wp-image-11543\" alt=\"\" srcset=\"https:\/\/villegiales.fr\/wp-content\/uploads\/2025\/12\/IMG_2949-1024x768.jpg 1024w, https:\/\/villegiales.fr\/wp-content\/uploads\/2025\/12\/IMG_2949-300x225.jpg 300w, https:\/\/villegiales.fr\/wp-content\/uploads\/2025\/12\/IMG_2949-768x576.jpg 768w, https:\/\/villegiales.fr\/wp-content\/uploads\/2025\/12\/IMG_2949-1536x1152.jpg 1536w, https:\/\/villegiales.fr\/wp-content\/uploads\/2025\/12\/IMG_2949-2048x1536.jpg 2048w\" sizes=\"(max-width: 1024px) 100vw, 1024px\" \/>\t\t\t\t\t\t\t\t<\/a>\n\t\t\t\t\t\t\t\t\t\t\t\t\t\t\t<\/div>\n\t\t\t\t<\/div>\n\t\t\t\t\t<\/div>\n\t\t<\/div>\n\t\t\t\t<div class=\"elementor-column elementor-col-50 elementor-top-column elementor-element elementor-element-c389ac1\" data-id=\"c389ac1\" data-element_type=\"column\" data-e-type=\"column\">\n\t\t\t<div class=\"elementor-widget-wrap elementor-element-populated\">\n\t\t\t\t\t\t<div class=\"elementor-element elementor-element-41f017d elementor-widget elementor-widget-heading\" data-id=\"41f017d\" data-element_type=\"widget\" data-e-type=\"widget\" data-widget_type=\"heading.default\">\n\t\t\t\t<div class=\"elementor-widget-container\">\n\t\t\t\t\t<h2 class=\"elementor-heading-title elementor-size-default\"><a href=\"https:\/\/villegiales.fr\/index.php\/revente-maison-p5-forum-marguerittes\/\">Les Villegiales du Forum - Marguerittes<\/a><\/h2>\t\t\t\t<\/div>\n\t\t\t\t<\/div>\n\t\t\t\t<div class=\"elementor-element elementor-element-3a23897 elementor-widget elementor-widget-heading\" data-id=\"3a23897\" data-element_type=\"widget\" data-e-type=\"widget\" data-widget_type=\"heading.default\">\n\t\t\t\t<div class=\"elementor-widget-container\">\n\t\t\t\t\t<h2 class=\"elementor-heading-title elementor-size-default\">Marguerittes - Maison P5 + Jardin<\/h2>\t\t\t\t<\/div>\n\t\t\t\t<\/div>\n\t\t\t\t<div class=\"elementor-element elementor-element-bbcefb8 elementor-widget elementor-widget-text-editor\" data-id=\"bbcefb8\" data-element_type=\"widget\" data-e-type=\"widget\" data-widget_type=\"text-editor.default\">\n\t\t\t\t<div class=\"elementor-widget-container\">\n\t\t\t\t\t\t\t\t\t<p>Maison mitoyenne\u00a0 de\u00a0 105 m\u00b2 de surface habitable + jardin<\/p>\t\t\t\t\t\t\t\t<\/div>\n\t\t\t\t<\/div>\n\t\t\t\t<div class=\"elementor-element elementor-element-9d85cc3 elementor-widget elementor-widget-text-editor\" data-id=\"9d85cc3\" data-element_type=\"widget\" data-e-type=\"widget\" data-widget_type=\"text-editor.default\">\n\t\t\t\t<div class=\"elementor-widget-container\">\n\t\t\t\t\t\t\t\t\t<p>Emplacement Id\u00e9al\u00a0: les Vill\u00e9giales du Forum \u00e0 Marguerittes, dans le centre, proche de toutes les commodit\u00e9s (coll\u00e8ge, \u00e9coles, commerces, transports).<\/p>\t\t\t\t\t\t\t\t<\/div>\n\t\t\t\t<\/div>\n\t\t\t\t<div class=\"elementor-element elementor-element-9716156 elementor-widget elementor-widget-text-editor\" data-id=\"9716156\" data-element_type=\"widget\" data-e-type=\"widget\" data-widget_type=\"text-editor.default\">\n\t\t\t\t<div class=\"elementor-widget-container\">\n\t\t\t\t\t\t\t\t\t<p>283 000 \u20ac<\/p>\t\t\t\t\t\t\t\t<\/div>\n\t\t\t\t<\/div>\n\t\t\t\t\t<\/div>\n\t\t<\/div>\n\t\t\t\t\t<\/div>\n\t\t<\/section>\n\t\t\t\t<section class=\"elementor-section elementor-top-section elementor-element elementor-element-1f1b2b3 elementor-section-boxed elementor-section-height-default elementor-section-height-default\" data-id=\"1f1b2b3\" data-element_type=\"section\" data-e-type=\"section\">\n\t\t\t\t\t\t<div class=\"elementor-container elementor-column-gap-default\">\n\t\t\t\t\t<div class=\"elementor-column elementor-col-100 elementor-top-column elementor-element elementor-element-17bb5d2\" data-id=\"17bb5d2\" data-element_type=\"column\" data-e-type=\"column\">\n\t\t\t<div class=\"elementor-widget-wrap elementor-element-populated\">\n\t\t\t\t\t\t<div class=\"elementor-element elementor-element-da9085a elementor-widget elementor-widget-spacer\" data-id=\"da9085a\" data-element_type=\"widget\" data-e-type=\"widget\" data-widget_type=\"spacer.default\">\n\t\t\t\t<div class=\"elementor-widget-container\">\n\t\t\t\t\t\t\t<div class=\"elementor-spacer\">\n\t\t\t<div class=\"elementor-spacer-inner\"><\/div>\n\t\t<\/div>\n\t\t\t\t\t\t<\/div>\n\t\t\t\t<\/div>\n\t\t\t\t<div class=\"elementor-element elementor-element-6822074 elementor-widget elementor-widget-heading\" data-id=\"6822074\" data-element_type=\"widget\" data-e-type=\"widget\" data-widget_type=\"heading.default\">\n\t\t\t\t<div class=\"elementor-widget-container\">\n\t\t\t\t\t<h2 class=\"elementor-heading-title elementor-size-default\">Montpellier <\/h2>\t\t\t\t<\/div>\n\t\t\t\t<\/div>\n\t\t\t\t<div class=\"elementor-element elementor-element-f047be8 elementor-widget-divider--view-line elementor-widget elementor-widget-divider\" data-id=\"f047be8\" data-element_type=\"widget\" data-e-type=\"widget\" data-widget_type=\"divider.default\">\n\t\t\t\t<div class=\"elementor-widget-container\">\n\t\t\t\t\t\t\t<div class=\"elementor-divider\">\n\t\t\t<span class=\"elementor-divider-separator\">\n\t\t\t\t\t\t<\/span>\n\t\t<\/div>\n\t\t\t\t\t\t<\/div>\n\t\t\t\t<\/div>\n\t\t\t\t\t<\/div>\n\t\t<\/div>\n\t\t\t\t\t<\/div>\n\t\t<\/section>\n\t\t\t\t<section class=\"elementor-section elementor-top-section elementor-element elementor-element-98306dc elementor-section-boxed elementor-section-height-default elementor-section-height-default\" data-id=\"98306dc\" data-element_type=\"section\" data-e-type=\"section\">\n\t\t\t\t\t\t<div class=\"elementor-container elementor-column-gap-default\">\n\t\t\t\t\t<div class=\"elementor-column elementor-col-50 elementor-top-column elementor-element elementor-element-ec16229\" data-id=\"ec16229\" data-element_type=\"column\" data-e-type=\"column\">\n\t\t\t<div class=\"elementor-widget-wrap elementor-element-populated\">\n\t\t\t\t\t\t<div class=\"elementor-element elementor-element-aae40fb elementor-widget elementor-widget-image\" data-id=\"aae40fb\" data-element_type=\"widget\" data-e-type=\"widget\" data-widget_type=\"image.default\">\n\t\t\t\t<div class=\"elementor-widget-container\">\n\t\t\t\t\t\t\t\t\t\t\t\t\t\t\t\t<a href=\"https:\/\/villegiales.fr\/index.php\/revente-montpellier-villegiales-ovalie-p2-pkg\/\">\n\t\t\t\t\t\t\t<img loading=\"lazy\" decoding=\"async\" width=\"1024\" height=\"683\" src=\"https:\/\/villegiales.fr\/wp-content\/uploads\/2025\/12\/Image-2-1024x683.jpg\" class=\"elementor-animation-grow attachment-large size-large wp-image-11718\" alt=\"\" srcset=\"https:\/\/villegiales.fr\/wp-content\/uploads\/2025\/12\/Image-2-1024x683.jpg 1024w, https:\/\/villegiales.fr\/wp-content\/uploads\/2025\/12\/Image-2-300x200.jpg 300w, https:\/\/villegiales.fr\/wp-content\/uploads\/2025\/12\/Image-2-768x512.jpg 768w, https:\/\/villegiales.fr\/wp-content\/uploads\/2025\/12\/Image-2.jpg 1280w\" sizes=\"(max-width: 1024px) 100vw, 1024px\" \/>\t\t\t\t\t\t\t\t<\/a>\n\t\t\t\t\t\t\t\t\t\t\t\t\t\t\t<\/div>\n\t\t\t\t<\/div>\n\t\t\t\t\t<\/div>\n\t\t<\/div>\n\t\t\t\t<div class=\"elementor-column elementor-col-50 elementor-top-column elementor-element elementor-element-4a982e1\" data-id=\"4a982e1\" data-element_type=\"column\" data-e-type=\"column\">\n\t\t\t<div class=\"elementor-widget-wrap elementor-element-populated\">\n\t\t\t\t\t\t<div class=\"elementor-element elementor-element-aa52ac9 elementor-widget elementor-widget-heading\" data-id=\"aa52ac9\" data-element_type=\"widget\" data-e-type=\"widget\" data-widget_type=\"heading.default\">\n\t\t\t\t<div class=\"elementor-widget-container\">\n\t\t\t\t\t<h2 class=\"elementor-heading-title elementor-size-default\"><a href=\"https:\/\/villegiales.fr\/index.php\/revente-montpellier-villegiales-ovalie-p2-pkg\/\">Les Vill\u00e9giales Ovalie - Montpellier <\/a><\/h2>\t\t\t\t<\/div>\n\t\t\t\t<\/div>\n\t\t\t\t<div class=\"elementor-element elementor-element-9ee44af elementor-widget elementor-widget-heading\" data-id=\"9ee44af\" data-element_type=\"widget\" data-e-type=\"widget\" data-widget_type=\"heading.default\">\n\t\t\t\t<div class=\"elementor-widget-container\">\n\t\t\t\t\t<h2 class=\"elementor-heading-title elementor-size-default\">Appartement P2 + place de parking<\/h2>\t\t\t\t<\/div>\n\t\t\t\t<\/div>\n\t\t\t\t<div class=\"elementor-element elementor-element-98bff55 elementor-widget elementor-widget-text-editor\" data-id=\"98bff55\" data-element_type=\"widget\" data-e-type=\"widget\" data-widget_type=\"text-editor.default\">\n\t\t\t\t<div class=\"elementor-widget-container\">\n\t\t\t\t\t\t\t\t\t<p>Bel appartement 2 pi\u00e8ces de 46.40 m\u00b2 de surface habitable + 8,45 m\u00b2 de terrasse<\/p>\t\t\t\t\t\t\t\t<\/div>\n\t\t\t\t<\/div>\n\t\t\t\t<div class=\"elementor-element elementor-element-4a2a989 elementor-widget elementor-widget-text-editor\" data-id=\"4a2a989\" data-element_type=\"widget\" data-e-type=\"widget\" data-widget_type=\"text-editor.default\">\n\t\t\t\t<div class=\"elementor-widget-container\">\n\t\t\t\t\t\t\t\t\t<p>R\u00e9sidence r\u00e9cente, s\u00e9curis\u00e9e, et de qualit\u00e9. Secteur Ovalie<\/p>\t\t\t\t\t\t\t\t<\/div>\n\t\t\t\t<\/div>\n\t\t\t\t<div class=\"elementor-element elementor-element-b5b5dcc elementor-widget elementor-widget-text-editor\" data-id=\"b5b5dcc\" data-element_type=\"widget\" data-e-type=\"widget\" data-widget_type=\"text-editor.default\">\n\t\t\t\t<div class=\"elementor-widget-container\">\n\t\t\t\t\t\t\t\t\t<p>\u00a0 175 000 \u20ac<\/p>\t\t\t\t\t\t\t\t<\/div>\n\t\t\t\t<\/div>\n\t\t\t\t<div class=\"elementor-element elementor-element-68c6b6f elementor-hidden-desktop elementor-hidden-tablet elementor-widget-divider--view-line elementor-widget elementor-widget-divider\" data-id=\"68c6b6f\" data-element_type=\"widget\" data-e-type=\"widget\" data-widget_type=\"divider.default\">\n\t\t\t\t<div class=\"elementor-widget-container\">\n\t\t\t\t\t\t\t<div class=\"elementor-divider\">\n\t\t\t<span class=\"elementor-divider-separator\">\n\t\t\t\t\t\t<\/span>\n\t\t<\/div>\n\t\t\t\t\t\t<\/div>\n\t\t\t\t<\/div>\n\t\t\t\t\t<\/div>\n\t\t<\/div>\n\t\t\t\t\t<\/div>\n\t\t<\/section>\n\t\t\t\t<section class=\"elementor-section elementor-top-section elementor-element elementor-element-befeb7f elementor-section-boxed elementor-section-height-default elementor-section-height-default\" data-id=\"befeb7f\" data-element_type=\"section\" data-e-type=\"section\">\n\t\t\t\t\t\t<div class=\"elementor-container elementor-column-gap-default\">\n\t\t\t\t\t<div class=\"elementor-column elementor-col-50 elementor-top-column elementor-element elementor-element-6c221c0\" data-id=\"6c221c0\" data-element_type=\"column\" data-e-type=\"column\">\n\t\t\t<div class=\"elementor-widget-wrap elementor-element-populated\">\n\t\t\t\t\t\t<div class=\"elementor-element elementor-element-ce4d303 elementor-widget elementor-widget-image\" data-id=\"ce4d303\" data-element_type=\"widget\" data-e-type=\"widget\" data-widget_type=\"image.default\">\n\t\t\t\t<div class=\"elementor-widget-container\">\n\t\t\t\t\t\t\t\t\t\t\t\t\t\t\t\t<a href=\"https:\/\/villegiales.fr\/index.php\/revente-montpellier-residence-park-view-p3-garage\/\">\n\t\t\t\t\t\t\t<img loading=\"lazy\" decoding=\"async\" width=\"800\" height=\"450\" src=\"https:\/\/villegiales.fr\/wp-content\/uploads\/2025\/12\/1-1-e1765470744258-800x450.jpeg\" class=\"elementor-animation-grow attachment-ocean-thumb-ml size-ocean-thumb-ml wp-image-11748\" alt=\"\" \/>\t\t\t\t\t\t\t\t<\/a>\n\t\t\t\t\t\t\t\t\t\t\t\t\t\t\t<\/div>\n\t\t\t\t<\/div>\n\t\t\t\t\t<\/div>\n\t\t<\/div>\n\t\t\t\t<div class=\"elementor-column elementor-col-50 elementor-top-column elementor-element elementor-element-0c40015\" data-id=\"0c40015\" data-element_type=\"column\" data-e-type=\"column\">\n\t\t\t<div class=\"elementor-widget-wrap elementor-element-populated\">\n\t\t\t\t\t\t<div class=\"elementor-element elementor-element-95d146a elementor-widget elementor-widget-heading\" data-id=\"95d146a\" data-element_type=\"widget\" data-e-type=\"widget\" data-widget_type=\"heading.default\">\n\t\t\t\t<div class=\"elementor-widget-container\">\n\t\t\t\t\t<h2 class=\"elementor-heading-title elementor-size-default\"><a href=\"https:\/\/villegiales.fr\/index.php\/revente-montpellier-residence-park-view-p3-garage\/\">R\u00e9sidence Park View - Montpellier<\/a><\/h2>\t\t\t\t<\/div>\n\t\t\t\t<\/div>\n\t\t\t\t<div class=\"elementor-element elementor-element-eac34ee elementor-widget elementor-widget-heading\" data-id=\"eac34ee\" data-element_type=\"widget\" data-e-type=\"widget\" data-widget_type=\"heading.default\">\n\t\t\t\t<div class=\"elementor-widget-container\">\n\t\t\t\t\t<h2 class=\"elementor-heading-title elementor-size-default\">Appartement P3 + Garage<\/h2>\t\t\t\t<\/div>\n\t\t\t\t<\/div>\n\t\t\t\t<div class=\"elementor-element elementor-element-a135f3b elementor-widget elementor-widget-text-editor\" data-id=\"a135f3b\" data-element_type=\"widget\" data-e-type=\"widget\" data-widget_type=\"text-editor.default\">\n\t\t\t\t<div class=\"elementor-widget-container\">\n\t\t\t\t\t\t\t\t\t<p>bel\u00a0 appartement 3 pi\u00e8ces de 65.04\u00a0 m\u00b2 de surface habitable + 10 m\u00b2 de terrasse<\/p>\t\t\t\t\t\t\t\t<\/div>\n\t\t\t\t<\/div>\n\t\t\t\t<div class=\"elementor-element elementor-element-d6a5c53 elementor-widget elementor-widget-text-editor\" data-id=\"d6a5c53\" data-element_type=\"widget\" data-e-type=\"widget\" data-widget_type=\"text-editor.default\">\n\t\t\t\t<div class=\"elementor-widget-container\">\n\t\t\t\t\t\t\t\t\t<p>R\u00e9sidence r\u00e9cente, s\u00e9curis\u00e9e, et de qualit\u00e9. Secteur Ovalie, face au Parc du Rieucoulon.<\/p>\t\t\t\t\t\t\t\t<\/div>\n\t\t\t\t<\/div>\n\t\t\t\t<div class=\"elementor-element elementor-element-0b9cb2f elementor-widget elementor-widget-text-editor\" data-id=\"0b9cb2f\" data-element_type=\"widget\" data-e-type=\"widget\" data-widget_type=\"text-editor.default\">\n\t\t\t\t<div class=\"elementor-widget-container\">\n\t\t\t\t\t\t\t\t\t<p>\u00a0 295 000 \u20ac<\/p>\t\t\t\t\t\t\t\t<\/div>\n\t\t\t\t<\/div>\n\t\t\t\t\t<\/div>\n\t\t<\/div>\n\t\t\t\t\t<\/div>\n\t\t<\/section>\n\t\t\t\t<\/div>\n\t\t","protected":false},"excerpt":{"rendered":"<p>Nos reventes Connaissant la valeur et la p\u00e9rennit\u00e9 de nos constructions, nous participons \u00e0 la revente d\u2019appartements\u00a0Vill\u00e9giales plusieurs ann\u00e9es apr\u00e8s la livraison. N\u00eemes Les Villegiales de Vacquerolles &#8211; N\u00eemes N\u00eemes &#8211; Appartement P2 + Parking \u00a0 Appartement de 45 m\u00b2 de surface habitable + 14 m\u00b2 de terrasse \u00a0 R\u00e9sidence s\u00e9curis\u00e9e en premi\u00e8re ligne sur [&hellip;]<\/p>\n","protected":false},"author":1,"featured_media":0,"parent":0,"menu_order":0,"comment_status":"closed","ping_status":"closed","template":"","meta":{"footnotes":""},"class_list":["post-2347","page","type-page","status-publish","hentry","entry"],"_links":{"self":[{"href":"https:\/\/villegiales.fr\/index.php\/wp-json\/wp\/v2\/pages\/2347","targetHints":{"allow":["GET"]}}],"collection":[{"href":"https:\/\/villegiales.fr\/index.php\/wp-json\/wp\/v2\/pages"}],"about":[{"href":"https:\/\/villegiales.fr\/index.php\/wp-json\/wp\/v2\/types\/page"}],"author":[{"embeddable":true,"href":"https:\/\/villegiales.fr\/index.php\/wp-json\/wp\/v2\/users\/1"}],"replies":[{"embeddable":true,"href":"https:\/\/villegiales.fr\/index.php\/wp-json\/wp\/v2\/comments?post=2347"}],"version-history":[{"count":189,"href":"https:\/\/villegiales.fr\/index.php\/wp-json\/wp\/v2\/pages\/2347\/revisions"}],"predecessor-version":[{"id":14137,"href":"https:\/\/villegiales.fr\/index.php\/wp-json\/wp\/v2\/pages\/2347\/revisions\/14137"}],"wp:attachment":[{"href":"https:\/\/villegiales.fr\/index.php\/wp-json\/wp\/v2\/media?parent=2347"}],"curies":[{"name":"wp","href":"https:\/\/api.w.org\/{rel}","templated":true}]}}